{"id":13748,"date":"2019-05-22T09:20:46","date_gmt":"2019-05-22T07:20:46","guid":{"rendered":"http:\/\/mobiloire-pp.webqamapps.com\/nos-partenaires\/"},"modified":"2024-11-04T10:11:23","modified_gmt":"2024-11-04T09:11:23","slug":"nos-partenaires","status":"publish","type":"page","link":"https:\/\/www.te42.fr\/en\/our-organisation\/nos-partenaires\/","title":{"rendered":"Our partners"},"content":{"rendered":"\n<p>Created by and for the municipalities in Loire, SIEL-Territoire d\u2019\u00e9nergie Loire is above all a system of sharing resources to serve all the Loire\u2019s local authorities.&nbsp;The syndicate\u2019s remit covers a variety of competences, mandatory and optional, entrusted to it by the municipalities.&nbsp;To carry out its activities, SIEL-Territoire d\u2019\u00e9nergie Loire works with numerous partners to whom it also provides support.<\/p>\n\n\n\n<div style=\"height:30px\" aria-hidden=\"true\" class=\"wp-block-spacer\"><\/div>\n\n\n\n<h3 class=\"wp-block-heading has-violet-color has-text-color has-link-color wp-elements-3857f1a737763a65b4518c1f4d318015\">OUR NETWORK<\/h3>\n\n\n\n<div style=\"height:30px\" aria-hidden=\"true\" class=\"wp-block-spacer\"><\/div>\n\n\n\n<div class=\"wp-block-group accordeon\"><div class=\"wp-block-group__inner-container is-layout-constrained wp-block-group-is-layout-constrained\">\n<div class=\"wp-block-group is-nowrap is-layout-flex wp-container-core-group-is-layout-9123dee2 wp-block-group-is-layout-flex\">\n<figure class=\"wp-block-image size-full is-resized accordeon_logo\"><img loading=\"lazy\" decoding=\"async\" width=\"150\" height=\"121\" src=\"https:\/\/www.te42.fr\/wp-content\/uploads\/2024\/09\/FNCCR.jpg\" alt=\"\" class=\"wp-image-36119\" style=\"aspect-ratio:1;object-fit:contain;width:100px\"\/><\/figure>\n\n\n\n<h4 class=\"wp-block-heading accordeon_title\">NATIONAL FEDERATION OF PUBLIC CONTRACTING AUTHORITIES<\/h4>\n<\/div>\n\n\n\n<div class=\"wp-block-group accordeon_content\"><div class=\"wp-block-group__inner-container is-layout-constrained wp-block-group-is-layout-constrained\">\n<p>The&nbsp;<a href=\"http:\/\/www.fnccr.asso.fr\/\">F\u00e9d\u00e9ration nationale des collectivit\u00e9s conc\u00e9dantes et r\u00e9gies (FNCCR)<\/a>&nbsp;(national federation of public contracting authorities) is a non-profit organisation that was created in 1934 and now counts over 800 members. Its members include territorial authorities and their public establishments in charge of organising and\/or running certain public services, which are grouped into three main areas: &nbsp; energy, water, digital.<\/p>\n<\/div><\/div>\n<\/div><\/div>\n\n\n\n<div class=\"wp-block-group accordeon\"><div class=\"wp-block-group__inner-container is-layout-constrained wp-block-group-is-layout-constrained\">\n<div class=\"wp-block-group is-nowrap is-layout-flex wp-container-core-group-is-layout-9123dee2 wp-block-group-is-layout-flex\">\n<figure class=\"wp-block-image size-full is-resized accordeon_logo\"><img loading=\"lazy\" decoding=\"async\" width=\"150\" height=\"121\" src=\"https:\/\/www.te42.fr\/wp-content\/uploads\/2024\/09\/TEARA.jpg\" alt=\"\" class=\"wp-image-36122\" style=\"aspect-ratio:1;object-fit:contain;width:100px\"\/><\/figure>\n\n\n\n<h4 class=\"wp-block-heading accordeon_title\">TERRITOIRE D'\u00c9NERGIE AUVERGNE-RH\u00d4NE-ALPES<\/h4>\n<\/div>\n\n\n\n<div class=\"wp-block-group accordeon_content\"><div class=\"wp-block-group__inner-container is-layout-constrained wp-block-group-is-layout-constrained\">\n<p>At regional level, SIEL-Territoire d\u2019\u00e9nergie Loire works closely with its counterparts in other departments as part of the&nbsp;<a href=\"https:\/\/teara.fr\/\">Territoire d\u2019\u00e9nergie Auvergne-Rh\u00f4ne-Alpes<\/a> (Auvergne-Rh\u00f4ne-Alpes energy territory).<\/p>\n\n\n\n<p>The energy syndicates in the Auvergne-Rh\u00f4ne-Alpes region :<\/p>\n\n\n\n<p><a href=\"http:\/\/www.siea.fr\/\" target=\"_blank\" rel=\"noreferrer noopener\">Ain&nbsp;:&nbsp;SIEA<\/a><\/p>\n\n\n\n<p>Allier : SDE03-Territoire d\u2019\u00e9nergie Allier<br><\/p>\n\n\n\n<p><a href=\"http:\/\/www.sde07.com\/\" target=\"_blank\" rel=\"noreferrer noopener\">Ard\u00e8che&nbsp;:&nbsp;SDE07<\/a><a href=\"http:\/\/www.sde07.com\/\" target=\"_blank\" rel=\"noreferrer noopener\"><br><\/a><\/p>\n\n\n\n<p>Cantal :&nbsp;SDE15<a href=\"http:\/\/www.sde07.com\/\" target=\"_blank\" rel=\"noreferrer noopener\"><br><\/a><\/p>\n\n\n\n<p><a href=\"http:\/\/www.sded.org\/\" target=\"_blank\" rel=\"noreferrer noopener\">Dr\u00f4me&nbsp;:&nbsp;Territoire d\u2019\u00e9nergie Dr\u00f4me-SDED<\/a><a href=\"http:\/\/www.sded.org\/\" target=\"_blank\" rel=\"noreferrer noopener\"><br><\/a><\/p>\n\n\n\n<p><a href=\"http:\/\/www.syane.fr\/front\/index.php\" target=\"_blank\" rel=\"noreferrer noopener\">Haute-Savoie&nbsp;:&nbsp;SYANE<\/a><a href=\"http:\/\/www.sded.org\/\" target=\"_blank\" rel=\"noreferrer noopener\"><\/a><a href=\"http:\/\/www.sde07.com\/\" target=\"_blank\" rel=\"noreferrer noopener\"><br><\/a><\/p>\n\n\n\n<p><a href=\"http:\/\/sedi.fr\/\" target=\"_blank\" rel=\"noreferrer noopener\">Is\u00e8re&nbsp;: SEDI-Territoire d\u2019\u00e9nergie Is\u00e8re<\/a><a href=\"https:\/\/www.te42.fr\/en\/nos-partenaires\/www.sedi.fr\" target=\"_blank\" rel=\"noreferrer noopener\"><br><\/a><\/p>\n\n\n\n<p><a href=\"http:\/\/www.siel42.fr\" target=\"_blank\" rel=\"noreferrer noopener\">Loire : SIEL-Territoire d\u2019\u00e9nergie Loire<\/a><br><\/p>\n\n\n\n<p><a href=\"http:\/\/www.sieg63.com\/\" target=\"_blank\" rel=\"noreferrer noopener\">Puy-de-D\u00f4me :&nbsp;SIEG63-Territoire d\u2019\u00e9nergie Puy-de-D\u00f4me<\/a><a href=\"http:\/\/sedi.fr\/\" target=\"_blank\" rel=\"noreferrer noopener\"><br><\/a><\/p>\n\n\n\n<p><a href=\"https:\/\/sigerly.fr\/\" target=\"_blank\" rel=\"noreferrer noopener\">Rh\u00f4ne&nbsp;(Agglom\u00e9ration lyonnaise) :&nbsp;Sigerly<\/a><a href=\"http:\/\/www.sigerly.fr\/\" target=\"_blank\" rel=\"noreferrer noopener\"><br><\/a><\/p>\n\n\n\n<p><a href=\"http:\/\/www.syder.fr\/\" target=\"_blank\" rel=\"noreferrer noopener\">Rh\u00f4ne :&nbsp;SYDER-Territoire d\u2019\u00e9nergie Rh\u00f4ne<\/a><a href=\"http:\/\/www.syder.fr\/\" target=\"_blank\" rel=\"noreferrer noopener\"><br><\/a><\/p>\n\n\n\n<p><a href=\"http:\/\/sdes73.com\/\" target=\"_blank\" rel=\"noreferrer noopener\">Savoie&nbsp;:&nbsp;SDES-Territoire d\u2019\u00e9nergie Savoie<\/a><\/p>\n\n\n\n<div style=\"height:30px\" aria-hidden=\"true\" class=\"wp-block-spacer\"><\/div>\n\n\n\n<figure class=\"wp-block-image size-large\"><img loading=\"lazy\" decoding=\"async\" width=\"1024\" height=\"724\" src=\"https:\/\/www.te42.fr\/wp-content\/uploads\/2022\/06\/Carte-TEARA-1024x724.png\" alt=\"\" class=\"wp-image-20846\" srcset=\"https:\/\/www.te42.fr\/wp-content\/uploads\/2022\/06\/Carte-TEARA-1024x724.png 1024w, https:\/\/www.te42.fr\/wp-content\/uploads\/2022\/06\/Carte-TEARA-300x212.png 300w, https:\/\/www.te42.fr\/wp-content\/uploads\/2022\/06\/Carte-TEARA-768x543.png 768w, https:\/\/www.te42.fr\/wp-content\/uploads\/2022\/06\/Carte-TEARA-1536x1086.png 1536w, https:\/\/www.te42.fr\/wp-content\/uploads\/2022\/06\/Carte-TEARA-2048x1448.png 2048w, https:\/\/www.te42.fr\/wp-content\/uploads\/2022\/06\/Carte-TEARA-400x284.png 400w, https:\/\/www.te42.fr\/wp-content\/uploads\/2022\/06\/Carte-TEARA-1080x764.png 1080w, https:\/\/www.te42.fr\/wp-content\/uploads\/2022\/06\/Carte-TEARA-1280x905.png 1280w, https:\/\/www.te42.fr\/wp-content\/uploads\/2022\/06\/Carte-TEARA-980x693.png 980w, https:\/\/www.te42.fr\/wp-content\/uploads\/2022\/06\/Carte-TEARA-480x339.png 480w\" sizes=\"auto, (max-width: 1024px) 100vw, 1024px\" \/><\/figure>\n<\/div><\/div>\n<\/div><\/div>\n\n\n\n<div style=\"height:50px\" aria-hidden=\"true\" class=\"wp-block-spacer\"><\/div>\n\n\n\n<h3 class=\"wp-block-heading has-violet-color has-text-color has-link-color wp-elements-854529178ad24ac4cdf5b61ec0e0a8d6\">Our local partners<\/h3>\n\n\n\n<div class=\"wp-block-group accordeon\"><div class=\"wp-block-group__inner-container is-layout-constrained wp-block-group-is-layout-constrained\">\n<div class=\"wp-block-group is-nowrap is-layout-flex wp-container-core-group-is-layout-9123dee2 wp-block-group-is-layout-flex\">\n<figure class=\"wp-block-image size-full is-resized accordeon_logo\"><img loading=\"lazy\" decoding=\"async\" width=\"313\" height=\"252\" src=\"https:\/\/www.te42.fr\/wp-content\/uploads\/2024\/09\/ALEC42.jpg\" alt=\"\" class=\"wp-image-36146\" style=\"aspect-ratio:1;object-fit:contain;width:100px\" srcset=\"https:\/\/www.te42.fr\/wp-content\/uploads\/2024\/09\/ALEC42.jpg 313w, https:\/\/www.te42.fr\/wp-content\/uploads\/2024\/09\/ALEC42-300x242.jpg 300w\" sizes=\"auto, (max-width: 313px) 100vw, 313px\" \/><\/figure>\n\n\n\n<h4 class=\"wp-block-heading accordeon_title\">LOCAL ENERGY AND CLIMATE AGENCY<\/h4>\n<\/div>\n\n\n\n<div class=\"wp-block-group accordeon_content\"><div class=\"wp-block-group__inner-container is-layout-constrained wp-block-group-is-layout-constrained\">\n<p>The <a href=\"http:\/\/www.alec42.org\/\">Agence Locale de l\u2019\u00c9nergie et du Climat<\/a>&nbsp;(Loire Department Local Energy and Climate Agency, ALEC42) was created in 2005 by SIEL-Territoire d\u2019\u00e9nergie Loire to meet the need for advice from companies and housing associations.<\/p>\n<\/div><\/div>\n<\/div><\/div>\n\n\n\n<div class=\"wp-block-group accordeon\"><div class=\"wp-block-group__inner-container is-layout-constrained wp-block-group-is-layout-constrained\">\n<div class=\"wp-block-group is-nowrap is-layout-flex wp-container-core-group-is-layout-9123dee2 wp-block-group-is-layout-flex\">\n<figure class=\"wp-block-image size-full is-resized accordeon_logo\"><img loading=\"lazy\" decoding=\"async\" width=\"150\" height=\"121\" src=\"https:\/\/www.te42.fr\/wp-content\/uploads\/2024\/09\/AMF42-logo.jpg\" alt=\"\" class=\"wp-image-36162\" style=\"aspect-ratio:1;object-fit:contain;width:100px\"\/><\/figure>\n\n\n\n<h4 class=\"wp-block-heading accordeon_title\">FRENCH MAYOR'S ASSOCIATION - LOIRE<\/h4>\n<\/div>\n\n\n\n<div class=\"wp-block-group accordeon_content\"><div class=\"wp-block-group__inner-container is-layout-constrained wp-block-group-is-layout-constrained\">\n<p>The <a href=\"https:\/\/www.amf.asso.fr\/\">Association des Maires de France<\/a>&nbsp;(French Mayors\u2019 Association) works with mayors and presidents of inter-municipal bodies.<\/p>\n<\/div><\/div>\n<\/div><\/div>\n\n\n\n<div class=\"wp-block-group accordeon\"><div class=\"wp-block-group__inner-container is-layout-constrained wp-block-group-is-layout-constrained\">\n<div class=\"wp-block-group is-nowrap is-layout-flex wp-container-core-group-is-layout-9123dee2 wp-block-group-is-layout-flex\">\n<figure class=\"wp-block-image size-full is-resized accordeon_logo\"><img loading=\"lazy\" decoding=\"async\" width=\"150\" height=\"121\" src=\"https:\/\/www.te42.fr\/wp-content\/uploads\/2024\/09\/AMRF.jpg\" alt=\"\" class=\"wp-image-36170\" style=\"aspect-ratio:1;object-fit:contain;width:100px\"\/><\/figure>\n\n\n\n<h4 class=\"wp-block-heading accordeon_title\">FRENCH RURAL MAYORS' ASSOCIATION<\/h4>\n<\/div>\n\n\n\n<div class=\"wp-block-group accordeon_content\"><div class=\"wp-block-group__inner-container is-layout-constrained wp-block-group-is-layout-constrained\">\n<p>Created in 1971, the \u2019<a href=\"https:\/\/www.amrf.fr\/\">Association des maires ruraux de France<\/a>&nbsp;(French Rural Mayors\u2019 Association, AMRF) has over 10,000 members who are independent mayors of rural municipalities, not affiliated with any political parties.<br>In an organisation with a particularly strong identity, the AMRF members speak for rural municipalities and defend their specific interests.<br>The AMRF is very representative of its base and highly active, and has become to the go-to body for public authorities and large national operators.<\/p>\n<\/div><\/div>\n<\/div><\/div>\n\n\n\n<div class=\"wp-block-group accordeon\"><div class=\"wp-block-group__inner-container is-layout-constrained wp-block-group-is-layout-constrained\">\n<div class=\"wp-block-group is-nowrap is-layout-flex wp-container-core-group-is-layout-9123dee2 wp-block-group-is-layout-flex\">\n<figure class=\"wp-block-image size-full is-resized accordeon_logo\"><img loading=\"lazy\" decoding=\"async\" width=\"150\" height=\"121\" src=\"https:\/\/www.te42.fr\/wp-content\/uploads\/2024\/09\/APIEU-MILLE-FEUILLES.jpg\" alt=\"\" class=\"wp-image-36174\" style=\"aspect-ratio:1;object-fit:contain;width:100px\"\/><\/figure>\n\n\n\n<h4 class=\"wp-block-heading accordeon_title\">APIEU MILLE-FEUILLES<\/h4>\n<\/div>\n\n\n\n<div class=\"wp-block-group accordeon_content\"><div class=\"wp-block-group__inner-container is-layout-constrained wp-block-group-is-layout-constrained\">\n<p><a href=\"http:\/\/www.apieumillefeuilles.org\/\">APIEU Mille Feuilles<\/a>&nbsp;(the Permanent Urban Environment Initiation Workshop), a non-profit body created in 1984, whose main focus is urban environmental and sustainable development education. It is accredited by the Education Ministry and is a member of the national Cit\u00e9phile network and Graine Rh\u00f4ne-Alpes.<\/p>\n<\/div><\/div>\n<\/div><\/div>\n\n\n\n<div class=\"wp-block-group accordeon\"><div class=\"wp-block-group__inner-container is-layout-constrained wp-block-group-is-layout-constrained\">\n<div class=\"wp-block-group is-nowrap is-layout-flex wp-container-core-group-is-layout-9123dee2 wp-block-group-is-layout-flex\">\n<h4 class=\"wp-block-heading accordeon_title\">INTERNATIONAL CENTRE FOR RESEARCH AND INNOVATION ON SUSTAINABLE DEVELOPMENT<\/h4>\n<\/div>\n\n\n\n<div class=\"wp-block-group accordeon_content\"><div class=\"wp-block-group__inner-container is-layout-constrained wp-block-group-is-layout-constrained\">\n<p>The&nbsp;<a href=\"https:\/\/www.ciridd.org\/\">Centre International de Ressources et d\u2019Innovation pour le D\u00e9veloppement Durable<\/a>&nbsp;(International Centre for Research and Innovation on Sustainable Development, CIRIDD), a non-profit body created in 2005 and recognised as a \u201cpublic interest organisation\u201d aims to contribute to the emergence of new societal models that are more respectful of living beings in all their diversity, future generations and the planet. The CIRIDD promotes and works to achieve a change to more sustainable development, based on cooperation with organisations, local regions and sectors of the economy. Innovation and the right to experiment are the CIRIDD\u2019s watchwords. It organises its activities at different territorial levels from local to international.<\/p>\n<\/div><\/div>\n<\/div><\/div>\n\n\n\n<div class=\"wp-block-group accordeon\"><div class=\"wp-block-group__inner-container is-layout-constrained wp-block-group-is-layout-constrained\">\n<div class=\"wp-block-group is-nowrap is-layout-flex wp-container-core-group-is-layout-9123dee2 wp-block-group-is-layout-flex\">\n<figure class=\"wp-block-image size-full is-resized accordeon_logo\"><img loading=\"lazy\" decoding=\"async\" width=\"150\" height=\"121\" src=\"https:\/\/www.te42.fr\/wp-content\/uploads\/2024\/10\/loire-departement.jpg\" alt=\"\" class=\"wp-image-36294\" style=\"aspect-ratio:1;object-fit:contain;width:100px\"\/><\/figure>\n\n\n\n<h4 class=\"wp-block-heading accordeon_title\">LOIRE DEPARTMENTAL COUNCIL<\/h4>\n<\/div>\n\n\n\n<div class=\"wp-block-group accordeon_content\"><div class=\"wp-block-group__inner-container is-layout-constrained wp-block-group-is-layout-constrained\">\n<p>The&nbsp;<a href=\"https:\/\/www.loire.fr\/\">Conseil D\u00e9partemental de la Loire<\/a>&nbsp;(Loire Departmental Council) is a special partner of SIEL-Territoire d\u2019\u00e9nergie Loire, working with it at Departmental level on subjects such as energy poverty, network fading and the development&nbsp;<a href=\"http:\/\/www.siel42.fr\/collectivites\/competences-optionnelles\/tres-haut-debit\">superfast broadband<\/a>. Loire Departmental Council has been a member of SIEL-Territoire d\u2019\u00e9nergie Loire since 2001.<\/p>\n<\/div><\/div>\n<\/div><\/div>\n\n\n\n<div class=\"wp-block-group accordeon\"><div class=\"wp-block-group__inner-container is-layout-constrained wp-block-group-is-layout-constrained\">\n<div class=\"wp-block-group is-nowrap is-layout-flex wp-container-core-group-is-layout-9123dee2 wp-block-group-is-layout-flex\">\n<figure class=\"wp-block-image size-full is-resized accordeon_logo\"><img loading=\"lazy\" decoding=\"async\" width=\"313\" height=\"252\" src=\"https:\/\/www.te42.fr\/wp-content\/uploads\/2024\/10\/cdg42-1.jpg\" alt=\"\" class=\"wp-image-36390\" style=\"aspect-ratio:1;object-fit:contain;width:100px\" srcset=\"https:\/\/www.te42.fr\/wp-content\/uploads\/2024\/10\/cdg42-1.jpg 313w, https:\/\/www.te42.fr\/wp-content\/uploads\/2024\/10\/cdg42-1-300x242.jpg 300w\" sizes=\"auto, (max-width: 313px) 100vw, 313px\" \/><\/figure>\n\n\n\n<h4 class=\"wp-block-heading accordeon_title\">LOIRE DEPARTMENTAL COUNCIL<\/h4>\n<\/div>\n\n\n\n<div class=\"wp-block-group accordeon_content\"><div class=\"wp-block-group__inner-container is-layout-constrained wp-block-group-is-layout-constrained\">\n<p><a href=\"https:\/\/cdg42.fr\/\" target=\"_blank\" rel=\"noreferrer noopener\">https:\/\/cdg42.fr\/<\/a><\/p>\n<\/div><\/div>\n<\/div><\/div>\n\n\n\n<div class=\"wp-block-group accordeon\"><div class=\"wp-block-group__inner-container is-layout-constrained wp-block-group-is-layout-constrained\">\n<div class=\"wp-block-group is-nowrap is-layout-flex wp-container-core-group-is-layout-9123dee2 wp-block-group-is-layout-flex\">\n<figure class=\"wp-block-image size-full is-resized accordeon_logo\"><img loading=\"lazy\" decoding=\"async\" width=\"98\" height=\"79\" src=\"https:\/\/www.te42.fr\/wp-content\/uploads\/2023\/01\/Logo-Academie-lyon-DSDEN-Loire.jpg\" alt=\"\" class=\"wp-image-22750\" style=\"aspect-ratio:1;object-fit:contain;width:100px\"\/><\/figure>\n\n\n\n<h4 class=\"wp-block-heading accordeon_title\">DEPARTMENTAL EDUCATION DIRECTORATE<\/h4>\n<\/div>\n\n\n\n<div class=\"wp-block-group accordeon_content\"><div class=\"wp-block-group__inner-container is-layout-constrained wp-block-group-is-layout-constrained\">\n<p>The <a href=\"http:\/\/www.ia42.ac-lyon.fr\/\">Direction des services d\u00e9partementaux de l\u2019\u00e9ducation nationale Loire<\/a>&nbsp;(Departmental Education Directorate, DSDEN 42) oversees and implements the Ministry of Education\u2019s education policy on behalf of the government.<\/p>\n<\/div><\/div>\n<\/div><\/div>\n\n\n\n<div class=\"wp-block-group accordeon\"><div class=\"wp-block-group__inner-container is-layout-constrained wp-block-group-is-layout-constrained\">\n<div class=\"wp-block-group is-nowrap is-layout-flex wp-container-core-group-is-layout-9123dee2 wp-block-group-is-layout-flex\">\n<figure class=\"wp-block-image size-full is-resized accordeon_logo\"><img decoding=\"async\" src=\"https:\/\/www.te42.fr\/wp-content\/uploads\/2019\/07\/ENEDIS.png\" alt=\"\" class=\"wp-image-4790\" style=\"aspect-ratio:1;object-fit:contain;width:100px\"\/><\/figure>\n\n\n\n<h4 class=\"wp-block-heading accordeon_title\">ENEDIS<\/h4>\n<\/div>\n\n\n\n<div class=\"wp-block-group accordeon_content\"><div class=\"wp-block-group__inner-container is-layout-constrained wp-block-group-is-layout-constrained\">\n<p>SIEL-Territoire d\u2019\u00e9nergie Loire monitors the activities of the concession holder&nbsp;<a href=\"https:\/\/www.enedis.fr\/\">Enedis<\/a> that operates the electricity distribution network owned by the syndicate.<\/p>\n\n\n\n<p>Enedis&nbsp;(formerly ERDF) is the subsidiary of the national electricity company EDF which is in charge of the public electricity distribution service.<\/p>\n<\/div><\/div>\n<\/div><\/div>\n\n\n\n<div class=\"wp-block-group accordeon\"><div class=\"wp-block-group__inner-container is-layout-constrained wp-block-group-is-layout-constrained\">\n<div class=\"wp-block-group is-nowrap is-layout-flex wp-container-core-group-is-layout-9123dee2 wp-block-group-is-layout-flex\">\n<figure class=\"wp-block-image size-full is-resized accordeon_logo\"><img loading=\"lazy\" decoding=\"async\" width=\"313\" height=\"252\" src=\"https:\/\/www.te42.fr\/wp-content\/uploads\/2024\/10\/fibois-loire.jpg\" alt=\"\" class=\"wp-image-36316\" style=\"aspect-ratio:1;object-fit:contain;width:100px\" srcset=\"https:\/\/www.te42.fr\/wp-content\/uploads\/2024\/10\/fibois-loire.jpg 313w, https:\/\/www.te42.fr\/wp-content\/uploads\/2024\/10\/fibois-loire-300x242.jpg 300w\" sizes=\"auto, (max-width: 313px) 100vw, 313px\" \/><\/figure>\n\n\n\n<h4 class=\"wp-block-heading accordeon_title\">FIBOIS 42<\/h4>\n<\/div>\n\n\n\n<div class=\"wp-block-group accordeon_content\"><div class=\"wp-block-group__inner-container is-layout-constrained wp-block-group-is-layout-constrained\">\n<p><a href=\"https:\/\/www.fibois42.org\/\">Fibois 42<\/a>&nbsp;is a Departmental association of professionals who have joined together to develop the wood sector in Loire. Created in 1982, under the name Inter For\u00eat-Bois 42, with the support of the <em>Conseil g\u00e9n\u00e9ral<\/em> (predecessor of the Departmental Council), today it has 150 members: professionals working at every sector of the wood industry, but also partners like training institutions, local authorities and voluntary bodies.&nbsp;<\/p>\n<\/div><\/div>\n<\/div><\/div>\n\n\n\n<div class=\"wp-block-group accordeon\"><div class=\"wp-block-group__inner-container is-layout-constrained wp-block-group-is-layout-constrained\">\n<div class=\"wp-block-group is-nowrap is-layout-flex wp-container-core-group-is-layout-9123dee2 wp-block-group-is-layout-flex\">\n<figure class=\"wp-block-image size-full is-resized accordeon_logo\"><img loading=\"lazy\" decoding=\"async\" width=\"313\" height=\"252\" src=\"https:\/\/www.te42.fr\/wp-content\/uploads\/2024\/10\/fne-loire.jpg\" alt=\"\" class=\"wp-image-36319\" style=\"aspect-ratio:1;object-fit:contain;width:100px\" srcset=\"https:\/\/www.te42.fr\/wp-content\/uploads\/2024\/10\/fne-loire.jpg 313w, https:\/\/www.te42.fr\/wp-content\/uploads\/2024\/10\/fne-loire-300x242.jpg 300w\" sizes=\"auto, (max-width: 313px) 100vw, 313px\" \/><\/figure>\n\n\n\n<h4 class=\"wp-block-heading accordeon_title\">FRANCE NATURE ENVIRONNEMENT LOIRE<\/h4>\n<\/div>\n\n\n\n<div class=\"wp-block-group accordeon_content\"><div class=\"wp-block-group__inner-container is-layout-constrained wp-block-group-is-layout-constrained\">\n<p><a href=\"https:\/\/www.fne-aura.org\/loire\/\">France Nature Environnement Loire<\/a>&nbsp;(FNE) works to protect the fauna and flora, natural habitats and the environment :<\/p>\n\n\n\n<p>To advance knowledge and the preservation and enhancement of our region\u2019s natural environments through scientific monitoring and the conducting of inventories of fauna and flora.<\/p>\n\n\n\n<p>To restore ecosystems to maintain biodiversity, by rehabilitating and managing natural sites and creating interpretation trails.<\/p>\n<\/div><\/div>\n<\/div><\/div>\n\n\n\n<div class=\"wp-block-group accordeon\"><div class=\"wp-block-group__inner-container is-layout-constrained wp-block-group-is-layout-constrained\">\n<div class=\"wp-block-group is-nowrap is-layout-flex wp-container-core-group-is-layout-9123dee2 wp-block-group-is-layout-flex\">\n<figure class=\"wp-block-image size-full is-resized accordeon_logo\"><img loading=\"lazy\" decoding=\"async\" width=\"313\" height=\"252\" src=\"https:\/\/www.te42.fr\/wp-content\/uploads\/2024\/10\/grdf.jpg\" alt=\"\" class=\"wp-image-36322\" style=\"aspect-ratio:1;object-fit:contain;width:100px\" srcset=\"https:\/\/www.te42.fr\/wp-content\/uploads\/2024\/10\/grdf.jpg 313w, https:\/\/www.te42.fr\/wp-content\/uploads\/2024\/10\/grdf-300x242.jpg 300w\" sizes=\"auto, (max-width: 313px) 100vw, 313px\" \/><\/figure>\n\n\n\n<h4 class=\"wp-block-heading accordeon_title\">GRDF (GAS DISTRIBUTION)<\/h4>\n<\/div>\n\n\n\n<div class=\"wp-block-group accordeon_content\"><div class=\"wp-block-group__inner-container is-layout-constrained wp-block-group-is-layout-constrained\">\n<p>SIEL-Territoire d\u2019\u00e9nergie Loire monitors the activities of the concession holder&nbsp;<a href=\"https:\/\/www.grdf.fr\/\">GRDF<\/a>&nbsp;that operates the gas distribution network owned by the syndicate.<\/p>\n\n\n\n<p>GRDF&nbsp;(Gaz R\u00e9seau Distribution France) is the subsidiary of Engie in charge of the public gas distribution service.<\/p>\n<\/div><\/div>\n<\/div><\/div>\n\n\n\n<div class=\"wp-block-group accordeon\"><div class=\"wp-block-group__inner-container is-layout-constrained wp-block-group-is-layout-constrained\">\n<div class=\"wp-block-group is-nowrap is-layout-flex wp-container-core-group-is-layout-9123dee2 wp-block-group-is-layout-flex\">\n<figure class=\"wp-block-image size-full is-resized accordeon_logo\"><img loading=\"lazy\" decoding=\"async\" width=\"313\" height=\"252\" src=\"https:\/\/www.te42.fr\/wp-content\/uploads\/2024\/10\/ligue-enseignement-loire.jpg\" alt=\"\" class=\"wp-image-36376\" style=\"aspect-ratio:1;object-fit:contain;width:100px\" srcset=\"https:\/\/www.te42.fr\/wp-content\/uploads\/2024\/10\/ligue-enseignement-loire.jpg 313w, https:\/\/www.te42.fr\/wp-content\/uploads\/2024\/10\/ligue-enseignement-loire-300x242.jpg 300w\" sizes=\"auto, (max-width: 313px) 100vw, 313px\" \/><\/figure>\n\n\n\n<h4 class=\"wp-block-heading accordeon_title\">LIGUE DE L'ENSEIGNEMENT DE LA LOIRE<\/h4>\n<\/div>\n\n\n\n<div class=\"wp-block-group accordeon_content\"><div class=\"wp-block-group__inner-container is-layout-constrained wp-block-group-is-layout-constrained\">\n<p><a href=\"https:\/\/www.laligue42.org\/\">https:\/\/www.laligue42.org\/<\/a> <\/p>\n<\/div><\/div>\n<\/div><\/div>\n\n\n\n<div class=\"wp-block-group accordeon\"><div class=\"wp-block-group__inner-container is-layout-constrained wp-block-group-is-layout-constrained\">\n<div class=\"wp-block-group is-nowrap is-layout-flex wp-container-core-group-is-layout-9123dee2 wp-block-group-is-layout-flex\">\n<figure class=\"wp-block-image size-full is-resized accordeon_logo\"><img loading=\"lazy\" decoding=\"async\" width=\"313\" height=\"252\" src=\"https:\/\/www.te42.fr\/wp-content\/uploads\/2024\/10\/pnr-pilat.jpg\" alt=\"\" class=\"wp-image-36326\" style=\"aspect-ratio:1;object-fit:contain;width:100px\" srcset=\"https:\/\/www.te42.fr\/wp-content\/uploads\/2024\/10\/pnr-pilat.jpg 313w, https:\/\/www.te42.fr\/wp-content\/uploads\/2024\/10\/pnr-pilat-300x242.jpg 300w\" sizes=\"auto, (max-width: 313px) 100vw, 313px\" \/><\/figure>\n\n\n\n<h4 class=\"wp-block-heading accordeon_title\">PILAT REGIONAL NATURE PARK<\/h4>\n<\/div>\n\n\n\n<div class=\"wp-block-group accordeon_content\"><div class=\"wp-block-group__inner-container is-layout-constrained wp-block-group-is-layout-constrained\">\n<p>The&nbsp;<a href=\"https:\/\/www.parc-naturel-pilat.fr\/\">Parc naturel r\u00e9gional du Pilat<\/a>&nbsp;(Le Pilat Regional Nature Park) is run by a syndicate of local authorities made up of 47 municipalities, 5 inter-municipal bodies, 17 gateway towns, 2 Departments and 1 regional authority who, in conjunction with the State, work together to protect and enhance this territory.<\/p>\n<\/div><\/div>\n<\/div><\/div>\n\n\n\n<div class=\"wp-block-group accordeon\"><div class=\"wp-block-group__inner-container is-layout-constrained wp-block-group-is-layout-constrained\">\n<div class=\"wp-block-group is-nowrap is-layout-flex wp-container-core-group-is-layout-9123dee2 wp-block-group-is-layout-flex\">\n<figure class=\"wp-block-image size-full is-resized accordeon_logo\"><img loading=\"lazy\" decoding=\"async\" width=\"150\" height=\"121\" src=\"https:\/\/www.te42.fr\/wp-content\/uploads\/2024\/10\/prefet-loire.jpg\" alt=\"\" class=\"wp-image-36297\" style=\"aspect-ratio:1;object-fit:contain;width:100px\"\/><\/figure>\n\n\n\n<h4 class=\"wp-block-heading accordeon_title\">PREFECTURE OF THE LOIRE<\/h4>\n<\/div>\n\n\n\n<div class=\"wp-block-group accordeon_content\"><div class=\"wp-block-group__inner-container is-layout-constrained wp-block-group-is-layout-constrained\">\n<p><a href=\"https:\/\/www.loire.gouv.fr\/\" target=\"_blank\" rel=\"noreferrer noopener\">https:\/\/www.loire.gouv.fr\/<\/a><\/p>\n<\/div><\/div>\n<\/div><\/div>\n\n\n\n<div class=\"wp-block-group accordeon\"><div class=\"wp-block-group__inner-container is-layout-constrained wp-block-group-is-layout-constrained\">\n<div class=\"wp-block-group is-nowrap is-layout-flex wp-container-core-group-is-layout-9123dee2 wp-block-group-is-layout-flex\">\n<figure class=\"wp-block-image size-full is-resized accordeon_logo\"><img loading=\"lazy\" decoding=\"async\" width=\"313\" height=\"252\" src=\"https:\/\/www.te42.fr\/wp-content\/uploads\/2024\/09\/THD42exploitation.jpg\" alt=\"\" class=\"wp-image-36266\" style=\"aspect-ratio:1;object-fit:contain;width:100px\" srcset=\"https:\/\/www.te42.fr\/wp-content\/uploads\/2024\/09\/THD42exploitation.jpg 313w, https:\/\/www.te42.fr\/wp-content\/uploads\/2024\/09\/THD42exploitation-300x242.jpg 300w\" sizes=\"auto, (max-width: 313px) 100vw, 313px\" \/><\/figure>\n\n\n\n<h4 class=\"wp-block-heading accordeon_title\">THD42 EXPLOITATION<\/h4>\n<\/div>\n\n\n\n<div class=\"wp-block-group accordeon_content\"><div class=\"wp-block-group__inner-container is-layout-constrained wp-block-group-is-layout-constrained\">\n<p>A subsidiary of Axione Infrastructures, a joint venture between Axione, Mirova and the Caisse des D\u00e9p\u00f4ts,&nbsp;<a href=\"http:\/\/www.thd42exploitation.fr\/\">THD42 Exploitation<\/a>&nbsp;is SIEL-Territoire d\u2019\u00e9nergie Loire\u2019s delegatee for the technical and commercial operation of the THD42 public fibre optic network. <\/p>\n<\/div><\/div>\n<\/div><\/div>\n\n\n\n<div style=\"height:50px\" aria-hidden=\"true\" class=\"wp-block-spacer\"><\/div>\n\n\n\n<h3 class=\"wp-block-heading has-violet-color has-text-color has-link-color wp-elements-52f58f5db0d19ac5e863bb124204b9d2\">Our regional partners<\/h3>\n\n\n\n<div class=\"wp-block-group accordeon\"><div class=\"wp-block-group__inner-container is-layout-constrained wp-block-group-is-layout-constrained\">\n<div class=\"wp-block-group is-nowrap is-layout-flex wp-container-core-group-is-layout-9123dee2 wp-block-group-is-layout-flex\">\n<figure class=\"wp-block-image size-full is-resized accordeon_logo\"><img loading=\"lazy\" decoding=\"async\" width=\"313\" height=\"252\" src=\"https:\/\/www.te42.fr\/wp-content\/uploads\/2024\/10\/aura-ee.jpg\" alt=\"\" class=\"wp-image-36332\" style=\"aspect-ratio:1;object-fit:contain;width:100px\" srcset=\"https:\/\/www.te42.fr\/wp-content\/uploads\/2024\/10\/aura-ee.jpg 313w, https:\/\/www.te42.fr\/wp-content\/uploads\/2024\/10\/aura-ee-300x242.jpg 300w\" sizes=\"auto, (max-width: 313px) 100vw, 313px\" \/><\/figure>\n\n\n\n<h4 class=\"wp-block-heading accordeon_title\">AUVERGNE-RHONE-ALPES ENERGIE ENVIRONNEMENT<\/h4>\n<\/div>\n\n\n\n<div class=\"wp-block-group accordeon_content\"><div class=\"wp-block-group__inner-container is-layout-constrained wp-block-group-is-layout-constrained\">\n<p>SIEL-Territoire d\u2019\u00e9nergie Loire also works with <a href=\"http:\/\/www.auvergnerhonealpes-ee.fr\/fr\/agence-regionale-de-lenergie-et-de-lenvironnement-en-auvergne-rhone-alpes.html\">Auvergne-Rh\u00f4ne-Alpes \u00c9nergie Environnement<\/a>, the regional energy agency, in particular on the <a href=\"http:\/\/oreges.auvergnerhonealpes.fr\/fr\/oreges-auvergne-rhone-alpes.html\">Observatoire R\u00e9gional des \u00c9missions de gaz \u00e0 Effet de Serre<\/a>&nbsp;(Regional observatory of greenhouse gas emissions, Oreges).<\/p>\n<\/div><\/div>\n<\/div><\/div>\n\n\n\n<div class=\"wp-block-group accordeon\"><div class=\"wp-block-group__inner-container is-layout-constrained wp-block-group-is-layout-constrained\">\n<div class=\"wp-block-group is-nowrap is-layout-flex wp-container-core-group-is-layout-9123dee2 wp-block-group-is-layout-flex\">\n<figure class=\"wp-block-image size-full is-resized accordeon_logo\"><img loading=\"lazy\" decoding=\"async\" width=\"313\" height=\"252\" src=\"https:\/\/www.te42.fr\/wp-content\/uploads\/2024\/10\/region-aura.jpg\" alt=\"\" class=\"wp-image-36335\" style=\"aspect-ratio:1;object-fit:contain;width:100px\" srcset=\"https:\/\/www.te42.fr\/wp-content\/uploads\/2024\/10\/region-aura.jpg 313w, https:\/\/www.te42.fr\/wp-content\/uploads\/2024\/10\/region-aura-300x242.jpg 300w\" sizes=\"auto, (max-width: 313px) 100vw, 313px\" \/><\/figure>\n\n\n\n<h4 class=\"wp-block-heading accordeon_title\">AUVERGNE-RH\u00d4NE-ALPES REGION<\/h4>\n<\/div>\n\n\n\n<div class=\"wp-block-group accordeon_content\"><div class=\"wp-block-group__inner-container is-layout-constrained wp-block-group-is-layout-constrained\">\n<p>The&nbsp;<a href=\"http:\/\/www.auvergnerhonealpes.eu\/\">R\u00e9gion Auvergne-Rh\u00f4ne-Alpes<\/a>&nbsp;is one of SIEL-Territoire d\u2019\u00e9nergie Loire\u2019s main partners for all energy-related operations.<\/p>\n<\/div><\/div>\n<\/div><\/div>\n\n\n\n<div class=\"wp-block-group accordeon\"><div class=\"wp-block-group__inner-container is-layout-constrained wp-block-group-is-layout-constrained\">\n<div class=\"wp-block-group is-nowrap is-layout-flex wp-container-core-group-is-layout-9123dee2 wp-block-group-is-layout-flex\">\n<figure class=\"wp-block-image size-full is-resized accordeon_logo\"><img loading=\"lazy\" decoding=\"async\" width=\"313\" height=\"252\" src=\"https:\/\/www.te42.fr\/wp-content\/uploads\/2024\/10\/TENERRDIS.jpg\" alt=\"\" class=\"wp-image-36530\" style=\"aspect-ratio:1;object-fit:contain;width:100px\" srcset=\"https:\/\/www.te42.fr\/wp-content\/uploads\/2024\/10\/TENERRDIS.jpg 313w, https:\/\/www.te42.fr\/wp-content\/uploads\/2024\/10\/TENERRDIS-300x242.jpg 300w\" sizes=\"auto, (max-width: 313px) 100vw, 313px\" \/><\/figure>\n\n\n\n<h4 class=\"wp-block-heading accordeon_title\">TENERRDIS<\/h4>\n<\/div>\n\n\n\n<div class=\"wp-block-group accordeon_content\"><div class=\"wp-block-group__inner-container is-layout-constrained wp-block-group-is-layout-constrained\">\n<p><a href=\"https:\/\/www.tenerrdis.fr\/\" target=\"_blank\" rel=\"noreferrer noopener\">https:\/\/www.tenerrdis.fr\/<\/a><\/p>\n<\/div><\/div>\n<\/div><\/div>\n\n\n\n<div style=\"height:50px\" aria-hidden=\"true\" class=\"wp-block-spacer\"><\/div>\n\n\n\n<h3 class=\"wp-block-heading has-violet-color has-text-color has-link-color wp-elements-b294c9f4c9f63bd0a60e82904e410cc6\">Our national partners<\/h3>\n\n\n\n<div class=\"wp-block-group accordeon\"><div class=\"wp-block-group__inner-container is-layout-constrained wp-block-group-is-layout-constrained\">\n<div class=\"wp-block-group is-nowrap is-layout-flex wp-container-core-group-is-layout-9123dee2 wp-block-group-is-layout-flex\">\n<figure class=\"wp-block-image size-full is-resized accordeon_logo\"><img loading=\"lazy\" decoding=\"async\" width=\"313\" height=\"252\" src=\"https:\/\/www.te42.fr\/wp-content\/uploads\/2024\/10\/ademe.jpg\" alt=\"\" class=\"wp-image-36338\" style=\"aspect-ratio:1;object-fit:contain;width:100px\" srcset=\"https:\/\/www.te42.fr\/wp-content\/uploads\/2024\/10\/ademe.jpg 313w, https:\/\/www.te42.fr\/wp-content\/uploads\/2024\/10\/ademe-300x242.jpg 300w\" sizes=\"auto, (max-width: 313px) 100vw, 313px\" \/><\/figure>\n\n\n\n<h4 class=\"wp-block-heading accordeon_title\">ADEME (ENVIRONMENT AND ENERGY AGENCY)<\/h4>\n<\/div>\n\n\n\n<div class=\"wp-block-group accordeon_content\"><div class=\"wp-block-group__inner-container is-layout-constrained wp-block-group-is-layout-constrained\">\n<p>The <a href=\"https:\/\/www.ademe.fr\/\">ADEME<\/a>&nbsp;(energy agency) is one of SIEL-Territoire d\u2019\u00e9nergie Loire\u2019s main partners for all energy-related operations.<\/p>\n<\/div><\/div>\n<\/div><\/div>\n\n\n\n<div class=\"wp-block-group accordeon\"><div class=\"wp-block-group__inner-container is-layout-constrained wp-block-group-is-layout-constrained\">\n<div class=\"wp-block-group is-nowrap is-layout-flex wp-container-core-group-is-layout-9123dee2 wp-block-group-is-layout-flex\">\n<figure class=\"wp-block-image size-full is-resized accordeon_logo\"><img loading=\"lazy\" decoding=\"async\" width=\"313\" height=\"252\" src=\"https:\/\/www.te42.fr\/wp-content\/uploads\/2024\/10\/ANCT.jpg\" alt=\"\" class=\"wp-image-36408\" style=\"aspect-ratio:1;object-fit:contain;width:100px\" srcset=\"https:\/\/www.te42.fr\/wp-content\/uploads\/2024\/10\/ANCT.jpg 313w, https:\/\/www.te42.fr\/wp-content\/uploads\/2024\/10\/ANCT-300x242.jpg 300w\" sizes=\"auto, (max-width: 313px) 100vw, 313px\" \/><\/figure>\n\n\n\n<h4 class=\"wp-block-heading accordeon_title\">ANCT<\/h4>\n<\/div>\n\n\n\n<div class=\"wp-block-group accordeon_content\"><div class=\"wp-block-group__inner-container is-layout-constrained wp-block-group-is-layout-constrained\">\n<p><a href=\"https:\/\/agence-cohesion-territoires.gouv.fr\/\" target=\"_blank\" rel=\"noreferrer noopener\">https:\/\/agence-cohesion-territoires.gouv.fr\/<\/a><\/p>\n<\/div><\/div>\n<\/div><\/div>\n\n\n\n<div class=\"wp-block-group accordeon\"><div class=\"wp-block-group__inner-container is-layout-constrained wp-block-group-is-layout-constrained\">\n<div class=\"wp-block-group is-nowrap is-layout-flex wp-container-core-group-is-layout-9123dee2 wp-block-group-is-layout-flex\">\n<figure class=\"wp-block-image size-full is-resized accordeon_logo\"><img loading=\"lazy\" decoding=\"async\" width=\"313\" height=\"252\" src=\"https:\/\/www.te42.fr\/wp-content\/uploads\/2024\/10\/arcep.jpg\" alt=\"\" class=\"wp-image-36401\" style=\"aspect-ratio:1;object-fit:contain;width:100px\" srcset=\"https:\/\/www.te42.fr\/wp-content\/uploads\/2024\/10\/arcep.jpg 313w, https:\/\/www.te42.fr\/wp-content\/uploads\/2024\/10\/arcep-300x242.jpg 300w\" sizes=\"auto, (max-width: 313px) 100vw, 313px\" \/><\/figure>\n\n\n\n<h4 class=\"wp-block-heading accordeon_title\">ARCEP<\/h4>\n<\/div>\n\n\n\n<div class=\"wp-block-group accordeon_content\"><div class=\"wp-block-group__inner-container is-layout-constrained wp-block-group-is-layout-constrained\">\n<p><a href=\"https:\/\/www.arcep.fr\/\" target=\"_blank\" rel=\"noreferrer noopener\">https:\/\/www.arcep.fr\/ <\/a><\/p>\n<\/div><\/div>\n<\/div><\/div>\n\n\n\n<div class=\"wp-block-group accordeon\"><div class=\"wp-block-group__inner-container is-layout-constrained wp-block-group-is-layout-constrained\">\n<div class=\"wp-block-group is-nowrap is-layout-flex wp-container-core-group-is-layout-9123dee2 wp-block-group-is-layout-flex\">\n<figure class=\"wp-block-image size-full is-resized accordeon_logo\"><img loading=\"lazy\" decoding=\"async\" width=\"313\" height=\"252\" src=\"https:\/\/www.te42.fr\/wp-content\/uploads\/2024\/10\/afe.jpg\" alt=\"\" class=\"wp-image-36341\" style=\"aspect-ratio:1;object-fit:contain;width:100px\" srcset=\"https:\/\/www.te42.fr\/wp-content\/uploads\/2024\/10\/afe.jpg 313w, https:\/\/www.te42.fr\/wp-content\/uploads\/2024\/10\/afe-300x242.jpg 300w\" sizes=\"auto, (max-width: 313px) 100vw, 313px\" \/><\/figure>\n\n\n\n<h4 class=\"wp-block-heading accordeon_title\">FRENCH LIGHTING ASSOCIATION<\/h4>\n<\/div>\n\n\n\n<div class=\"wp-block-group accordeon_content\"><div class=\"wp-block-group__inner-container is-layout-constrained wp-block-group-is-layout-constrained\">\n<p>The <a href=\"http:\/\/www.afe-eclairage.fr\/\">Association fran\u00e7aise de l\u2019\u00e9clairage (AFE)<\/a>&nbsp;(French Lighting Association) was founded in 1930 due to the considerable development of lighting science and its market. Collaboration between specialists in different and very diverse branches (including doctors, scientists) has been necessary for the good of users.&nbsp;<\/p>\n\n\n\n<p>This is the AFE\u2019s main mission : to study and make the best practices in lighting accessible to all in order to guarantee respect for human needs.&nbsp;<\/p>\n<\/div><\/div>\n<\/div><\/div>\n\n\n\n<div class=\"wp-block-group accordeon\"><div class=\"wp-block-group__inner-container is-layout-constrained wp-block-group-is-layout-constrained\">\n<div class=\"wp-block-group is-nowrap is-layout-flex wp-container-core-group-is-layout-9123dee2 wp-block-group-is-layout-flex\">\n<figure class=\"wp-block-image size-full is-resized accordeon_logo\"><img decoding=\"async\" src=\"https:\/\/www.te42.fr\/wp-content\/uploads\/2019\/07\/AITF.jpg\" alt=\"\" class=\"wp-image-4894\" style=\"aspect-ratio:1;object-fit:contain;width:100px\"\/><\/figure>\n\n\n\n<h4 class=\"wp-block-heading accordeon_title\">FRENCH ASSOCIATION OF TERRITORIAL ENGINEERS<\/h4>\n<\/div>\n\n\n\n<div class=\"wp-block-group accordeon_content\"><div class=\"wp-block-group__inner-container is-layout-constrained wp-block-group-is-layout-constrained\">\n<p>The aims of the <a href=\"https:\/\/www.aitf.fr\/\">Association des Ing\u00e9nieurs Territoriaux de France (AITF)<\/a> (French Association of Territorial Engineers) are : to represent the profession, provide technical assistance to local authorities, galvanise and promote the profession and the necessary technical expertise of territorial authorities.<\/p>\n<\/div><\/div>\n<\/div><\/div>\n\n\n\n<div class=\"wp-block-group accordeon\"><div class=\"wp-block-group__inner-container is-layout-constrained wp-block-group-is-layout-constrained\">\n<div class=\"wp-block-group is-nowrap is-layout-flex wp-container-core-group-is-layout-9123dee2 wp-block-group-is-layout-flex\">\n<figure class=\"wp-block-image size-full is-resized accordeon_logo\"><img loading=\"lazy\" decoding=\"async\" width=\"313\" height=\"252\" src=\"https:\/\/www.te42.fr\/wp-content\/uploads\/2024\/10\/AMORCE.jpg\" alt=\"\" class=\"wp-image-36344\" style=\"aspect-ratio:1;object-fit:contain;width:100px\" srcset=\"https:\/\/www.te42.fr\/wp-content\/uploads\/2024\/10\/AMORCE.jpg 313w, https:\/\/www.te42.fr\/wp-content\/uploads\/2024\/10\/AMORCE-300x242.jpg 300w\" sizes=\"auto, (max-width: 313px) 100vw, 313px\" \/><\/figure>\n\n\n\n<h4 class=\"wp-block-heading accordeon_title\">ASSOCIATION OF URBAN HEATING NETWORK OWNERS<\/h4>\n<\/div>\n\n\n\n<div class=\"wp-block-group accordeon_content\"><div class=\"wp-block-group__inner-container is-layout-constrained wp-block-group-is-layout-constrained\">\n<p>With over 900 members, the <a href=\"http:\/\/www.amorce.asso.fr\/\">Association des Ma\u00eetres d\u2019Ouvrages de R\u00e9seaux de Chaleur (AMORCE)<\/a>&nbsp;(Association of Urban heating Network Owners) is the leading French network providing information, sharing experiences and supporting local authorities (municipalities, inter-municipal bodies, Departmental Councils, Regional Councils) and other local stakeholders (businesses, voluntary bodies, professional federations) in the energy transition field (energy management, fight against energy poverty, energy production and distribution, planning), territorial waste management (planning, prevention, collection, recovery and recycling, processing) and water management.<\/p>\n<\/div><\/div>\n<\/div><\/div>\n\n\n\n<div class=\"wp-block-group accordeon\"><div class=\"wp-block-group__inner-container is-layout-constrained wp-block-group-is-layout-constrained\">\n<div class=\"wp-block-group is-nowrap is-layout-flex wp-container-core-group-is-layout-9123dee2 wp-block-group-is-layout-flex\">\n<figure class=\"wp-block-image size-full is-resized accordeon_logo\"><img loading=\"lazy\" decoding=\"async\" width=\"313\" height=\"252\" src=\"https:\/\/www.te42.fr\/wp-content\/uploads\/2024\/10\/ATEE.jpg\" alt=\"\" class=\"wp-image-36347\" style=\"aspect-ratio:1;object-fit:contain;width:100px\" srcset=\"https:\/\/www.te42.fr\/wp-content\/uploads\/2024\/10\/ATEE.jpg 313w, https:\/\/www.te42.fr\/wp-content\/uploads\/2024\/10\/ATEE-300x242.jpg 300w\" sizes=\"auto, (max-width: 313px) 100vw, 313px\" \/><\/figure>\n\n\n\n<h4 class=\"wp-block-heading accordeon_title\">TECHNICAL ENERGY AND ENVIRONMENT ASSOCIATION<\/h4>\n<\/div>\n\n\n\n<div class=\"wp-block-group accordeon_content\"><div class=\"wp-block-group__inner-container is-layout-constrained wp-block-group-is-layout-constrained\">\n<p>The aim of the <a href=\"http:\/\/atee.fr\/\">Association Technique \u00c9nergie Environnement (ATEE)<\/a>\u00a0(Technical Energy and Environment Association) is to encourage better energy management in companies and local authorities and, more generally, to help energy users to find out what they can do to save and manage energy better, in order to contribute to the national effort to reduce greenhouse gas emissions, whilst improving their own cost-effectiveness. <\/p>\n<\/div><\/div>\n<\/div><\/div>\n\n\n\n<div class=\"wp-block-group accordeon\"><div class=\"wp-block-group__inner-container is-layout-constrained wp-block-group-is-layout-constrained\">\n<div class=\"wp-block-group is-nowrap is-layout-flex wp-container-core-group-is-layout-9123dee2 wp-block-group-is-layout-flex\">\n<figure class=\"wp-block-image size-full is-resized accordeon_logo\"><img loading=\"lazy\" decoding=\"async\" width=\"313\" height=\"252\" src=\"https:\/\/www.te42.fr\/wp-content\/uploads\/2024\/10\/CLER-1.jpg\" alt=\"\" class=\"wp-image-36354\" style=\"aspect-ratio:1;object-fit:contain;width:100px\" srcset=\"https:\/\/www.te42.fr\/wp-content\/uploads\/2024\/10\/CLER-1.jpg 313w, https:\/\/www.te42.fr\/wp-content\/uploads\/2024\/10\/CLER-1-300x242.jpg 300w\" sizes=\"auto, (max-width: 313px) 100vw, 313px\" \/><\/figure>\n\n\n\n<h4 class=\"wp-block-heading accordeon_title\">CLER - ENERGY TRANSITION NETWORK<\/h4>\n<\/div>\n\n\n\n<div class=\"wp-block-group accordeon_content\"><div class=\"wp-block-group__inner-container is-layout-constrained wp-block-group-is-layout-constrained\">\n<p>The <a href=\"https:\/\/cler.org\/\">CLER \u2013 R\u00e9seau pour la transition \u00e9nerg\u00e9tique<\/a>&nbsp;(Energy Transition Network, formerly the <em>Comit\u00e9 de liaison pour les \u00e9nergies renouvelables<\/em> (Renewable energy liaison committee)) is a French association, accredited in the environmental protection field, which was created in 984. Its aim is to promote renewable energies, energy management, and more widely, the energy transition.<\/p>\n<\/div><\/div>\n<\/div><\/div>\n\n\n\n<div class=\"wp-block-group accordeon\"><div class=\"wp-block-group__inner-container is-layout-constrained wp-block-group-is-layout-constrained\">\n<div class=\"wp-block-group is-nowrap is-layout-flex wp-container-core-group-is-layout-9123dee2 wp-block-group-is-layout-flex\">\n<figure class=\"wp-block-image size-full is-resized accordeon_logo\"><img loading=\"lazy\" decoding=\"async\" width=\"313\" height=\"252\" src=\"https:\/\/www.te42.fr\/wp-content\/uploads\/2024\/10\/cre-1.jpg\" alt=\"\" class=\"wp-image-36361\" style=\"aspect-ratio:1;object-fit:contain;width:100px\" srcset=\"https:\/\/www.te42.fr\/wp-content\/uploads\/2024\/10\/cre-1.jpg 313w, https:\/\/www.te42.fr\/wp-content\/uploads\/2024\/10\/cre-1-300x242.jpg 300w\" sizes=\"auto, (max-width: 313px) 100vw, 313px\" \/><\/figure>\n\n\n\n<h4 class=\"wp-block-heading accordeon_title\">ENERGY REGULATION COMMISSION<\/h4>\n<\/div>\n\n\n\n<div class=\"wp-block-group accordeon_content\"><div class=\"wp-block-group__inner-container is-layout-constrained wp-block-group-is-layout-constrained\">\n<p>Since it was created on 24 March 2000, the <a href=\"https:\/\/www.cre.fr\/\">Commission de r\u00e9gulation de l\u2019\u00e9nergie<\/a>&nbsp;(Energy Regulation Commission, CRE) has been keeping a close eye of the electricity and gas markets in France, for the benefit of end consumers and in line with energy policy objectives.<\/p>\n<\/div><\/div>\n<\/div><\/div>\n\n\n\n<div class=\"wp-block-group accordeon\"><div class=\"wp-block-group__inner-container is-layout-constrained wp-block-group-is-layout-constrained\">\n<div class=\"wp-block-group is-nowrap is-layout-flex wp-container-core-group-is-layout-9123dee2 wp-block-group-is-layout-flex\">\n<figure class=\"wp-block-image size-full is-resized accordeon_logo\"><img loading=\"lazy\" decoding=\"async\" width=\"313\" height=\"252\" src=\"https:\/\/www.te42.fr\/wp-content\/uploads\/2024\/10\/coriance.jpg\" alt=\"\" class=\"wp-image-36427\" style=\"aspect-ratio:1;object-fit:contain;width:100px\" srcset=\"https:\/\/www.te42.fr\/wp-content\/uploads\/2024\/10\/coriance.jpg 313w, https:\/\/www.te42.fr\/wp-content\/uploads\/2024\/10\/coriance-300x242.jpg 300w\" sizes=\"auto, (max-width: 313px) 100vw, 313px\" \/><\/figure>\n\n\n\n<h4 class=\"wp-block-heading accordeon_title\">CORIANCE GROUP<\/h4>\n<\/div>\n\n\n\n<div class=\"wp-block-group accordeon_content\"><div class=\"wp-block-group__inner-container is-layout-constrained wp-block-group-is-layout-constrained\">\n<p><a href=\"https:\/\/groupe-coriance.fr\/\" target=\"_blank\" rel=\"noreferrer noopener\">https:\/\/groupe-coriance.fr\/<\/a><\/p>\n<\/div><\/div>\n<\/div><\/div>\n\n\n\n<div class=\"wp-block-group accordeon\"><div class=\"wp-block-group__inner-container is-layout-constrained wp-block-group-is-layout-constrained\">\n<div class=\"wp-block-group is-nowrap is-layout-flex wp-container-core-group-is-layout-9123dee2 wp-block-group-is-layout-flex\">\n<figure class=\"wp-block-image size-full is-resized accordeon_logo\"><img loading=\"lazy\" decoding=\"async\" width=\"313\" height=\"252\" src=\"https:\/\/www.te42.fr\/wp-content\/uploads\/2024\/10\/energies-demain.jpg\" alt=\"\" class=\"wp-image-36416\" style=\"aspect-ratio:1;object-fit:contain;width:100px\" srcset=\"https:\/\/www.te42.fr\/wp-content\/uploads\/2024\/10\/energies-demain.jpg 313w, https:\/\/www.te42.fr\/wp-content\/uploads\/2024\/10\/energies-demain-300x242.jpg 300w\" sizes=\"auto, (max-width: 313px) 100vw, 313px\" \/><\/figure>\n\n\n\n<h4 class=\"wp-block-heading accordeon_title\">\u00c9NERGIES DEMAIN<\/h4>\n<\/div>\n\n\n\n<div class=\"wp-block-group accordeon_content\"><div class=\"wp-block-group__inner-container is-layout-constrained wp-block-group-is-layout-constrained\">\n<p><a href=\"https:\/\/energies-demain.com\/\" target=\"_blank\" rel=\"noreferrer noopener\">https:\/\/energies-demain.com\/<\/a><\/p>\n<\/div><\/div>\n<\/div><\/div>\n\n\n\n<div class=\"wp-block-group accordeon\"><div class=\"wp-block-group__inner-container is-layout-constrained wp-block-group-is-layout-constrained\">\n<div class=\"wp-block-group is-nowrap is-layout-flex wp-container-core-group-is-layout-9123dee2 wp-block-group-is-layout-flex\">\n<figure class=\"wp-block-image size-full is-resized accordeon_logo\"><img loading=\"lazy\" decoding=\"async\" width=\"313\" height=\"252\" src=\"https:\/\/www.te42.fr\/wp-content\/uploads\/2024\/10\/easy-charge.jpg\" alt=\"\" class=\"wp-image-36412\" style=\"aspect-ratio:1;object-fit:contain;width:100px\" srcset=\"https:\/\/www.te42.fr\/wp-content\/uploads\/2024\/10\/easy-charge.jpg 313w, https:\/\/www.te42.fr\/wp-content\/uploads\/2024\/10\/easy-charge-300x242.jpg 300w\" sizes=\"auto, (max-width: 313px) 100vw, 313px\" \/><\/figure>\n\n\n\n<h4 class=\"wp-block-heading accordeon_title\">EASY CHARGE<\/h4>\n<\/div>\n\n\n\n<div class=\"wp-block-group accordeon_content\"><div class=\"wp-block-group__inner-container is-layout-constrained wp-block-group-is-layout-constrained\">\n<p><a href=\"https:\/\/energies-demain.com\/\" target=\"_blank\" rel=\"noreferrer noopener\">https:\/\/www.easycharge-vinci.com\/<\/a><\/p>\n<\/div><\/div>\n<\/div><\/div>\n\n\n\n<div class=\"wp-block-group accordeon\"><div class=\"wp-block-group__inner-container is-layout-constrained wp-block-group-is-layout-constrained\">\n<div class=\"wp-block-group is-nowrap is-layout-flex wp-container-core-group-is-layout-9123dee2 wp-block-group-is-layout-flex\">\n<figure class=\"wp-block-image size-full is-resized accordeon_logo\"><img loading=\"lazy\" decoding=\"async\" width=\"313\" height=\"252\" src=\"https:\/\/www.te42.fr\/wp-content\/uploads\/2024\/10\/ministere-education-nationale-jeunesse.jpg\" alt=\"\" class=\"wp-image-36394\" style=\"aspect-ratio:1;object-fit:contain;width:100px\" srcset=\"https:\/\/www.te42.fr\/wp-content\/uploads\/2024\/10\/ministere-education-nationale-jeunesse.jpg 313w, https:\/\/www.te42.fr\/wp-content\/uploads\/2024\/10\/ministere-education-nationale-jeunesse-300x242.jpg 300w\" sizes=\"auto, (max-width: 313px) 100vw, 313px\" \/><\/figure>\n\n\n\n<h4 class=\"wp-block-heading accordeon_title\">EASY CHARGE<\/h4>\n<\/div>\n\n\n\n<div class=\"wp-block-group accordeon_content\"><div class=\"wp-block-group__inner-container is-layout-constrained wp-block-group-is-layout-constrained\">\n<p><a href=\"https:\/\/www.education.gouv.fr\/\" target=\"_blank\" rel=\"noreferrer noopener\">https:\/\/www.education.gouv.fr\/<\/a><\/p>\n<\/div><\/div>\n<\/div><\/div>\n\n\n\n<div class=\"wp-block-group accordeon\"><div class=\"wp-block-group__inner-container is-layout-constrained wp-block-group-is-layout-constrained\">\n<div class=\"wp-block-group is-nowrap is-layout-flex wp-container-core-group-is-layout-9123dee2 wp-block-group-is-layout-flex\">\n<figure class=\"wp-block-image size-full is-resized accordeon_logo\"><img loading=\"lazy\" decoding=\"async\" width=\"313\" height=\"252\" src=\"https:\/\/www.te42.fr\/wp-content\/uploads\/2024\/10\/SER.jpg\" alt=\"\" class=\"wp-image-36372\" style=\"aspect-ratio:1;object-fit:contain;width:100px\" srcset=\"https:\/\/www.te42.fr\/wp-content\/uploads\/2024\/10\/SER.jpg 313w, https:\/\/www.te42.fr\/wp-content\/uploads\/2024\/10\/SER-300x242.jpg 300w\" sizes=\"auto, (max-width: 313px) 100vw, 313px\" \/><\/figure>\n\n\n\n<h4 class=\"wp-block-heading accordeon_title\">SYNDICAT DES \u00c9NERGIES RENOUVELABLES<\/h4>\n<\/div>\n\n\n\n<div class=\"wp-block-group accordeon_content\"><div class=\"wp-block-group__inner-container is-layout-constrained wp-block-group-is-layout-constrained\">\n<p><a href=\"https:\/\/www.syndicat-energies-renouvelables.fr\/\" target=\"_blank\" rel=\"noreferrer noopener\">https:\/\/www.syndicat-energies-renouvelables.fr\/<\/a><\/p>\n<\/div><\/div>\n<\/div><\/div>\n\n\n\n<div style=\"height:50px\" aria-hidden=\"true\" class=\"wp-block-spacer\"><\/div>\n\n\n\n<h3 class=\"wp-block-heading has-violet-color has-text-color has-link-color wp-elements-58b6fcc37992e78580b882ce59c205f6\">Our european partners<\/h3>\n\n\n\n<div class=\"wp-block-group accordeon\"><div class=\"wp-block-group__inner-container is-layout-constrained wp-block-group-is-layout-constrained\">\n<div class=\"wp-block-group is-nowrap is-layout-flex wp-container-core-group-is-layout-9123dee2 wp-block-group-is-layout-flex\">\n<figure class=\"wp-block-image size-full is-resized accordeon_logo\"><img loading=\"lazy\" decoding=\"async\" width=\"150\" height=\"121\" src=\"https:\/\/www.te42.fr\/wp-content\/uploads\/2024\/11\/BIE.jpg\" alt=\"\" class=\"wp-image-36969\" style=\"aspect-ratio:1;object-fit:contain;width:100px\"\/><\/figure>\n\n\n\n<h4 class=\"wp-block-heading accordeon_title\">EUROPEAN INVESTMENT BANK<\/h4>\n<\/div>\n\n\n\n<div class=\"wp-block-group accordeon_content\"><div class=\"wp-block-group__inner-container is-layout-constrained wp-block-group-is-layout-constrained\">\n<p><a href=\"https:\/\/www.eib.org\/en\/index\" target=\"_blank\" rel=\"noreferrer noopener\">https:\/\/www.eib.org\/en\/index<\/a><\/p>\n<\/div><\/div>\n<\/div><\/div>\n\n\n\n<div class=\"wp-block-group accordeon\"><div class=\"wp-block-group__inner-container is-layout-constrained wp-block-group-is-layout-constrained\">\n<div class=\"wp-block-group is-nowrap is-layout-flex wp-container-core-group-is-layout-9123dee2 wp-block-group-is-layout-flex\">\n<figure class=\"wp-block-image size-full is-resized accordeon_logo\"><img loading=\"lazy\" decoding=\"async\" width=\"150\" height=\"121\" src=\"https:\/\/www.te42.fr\/wp-content\/uploads\/2024\/11\/European-commission.jpg\" alt=\"\" class=\"wp-image-36973\" style=\"aspect-ratio:1;object-fit:contain;width:100px\"\/><\/figure>\n\n\n\n<h4 class=\"wp-block-heading accordeon_title\">EUROPEAN COMMISSION<\/h4>\n<\/div>\n\n\n\n<div class=\"wp-block-group accordeon_content\"><div class=\"wp-block-group__inner-container is-layout-constrained wp-block-group-is-layout-constrained\">\n<p><a href=\"https:\/\/commission.europa.eu\/index_en\" target=\"_blank\" rel=\"noreferrer noopener\">https:\/\/commission.europa.eu\/index_en<\/a><\/p>\n<\/div><\/div>\n<\/div><\/div>\n","protected":false},"excerpt":{"rendered":"<p>Created by and for the municipalities in Loire, SIEL-Territoire d\u2019\u00e9nergie Loire is above all a system of sharing resources to serve all the Loire\u2019s local authorities.&nbsp;The syndicate\u2019s remit covers a variety of competences, mandatory and optional, entrusted to it by the municipalities.&nbsp;To carry out its activities, SIEL-Territoire d\u2019\u00e9nergie Loire works with numerous partners to whom [&hellip;]<\/p>\n","protected":false},"author":1,"featured_media":0,"parent":14178,"menu_order":10,"comment_status":"closed","ping_status":"closed","template":"","meta":{"_acf_changed":false,"advgb_blocks_editor_width":"","advgb_blocks_columns_visual_guide":"","footnotes":""},"class_list":["post-13748","page","type-page","status-publish","hentry"],"acf":[],"yoast_head":"<!-- This site is optimized with the Yoast SEO plugin v27.4 - https:\/\/yoast.com\/product\/yoast-seo-wordpress\/ -->\n<title>Our partners - SIEL-Territoire d&#039;\u00e9nergie Loire<\/title>\n<meta name=\"robots\" content=\"index, follow, max-snippet:-1, max-image-preview:large, max-video-preview:-1\" \/>\n<link rel=\"canonical\" href=\"https:\/\/www.te42.fr\/en\/our-organisation\/nos-partenaires\/\" \/>\n<meta property=\"og:locale\" content=\"en_US\" \/>\n<meta property=\"og:type\" content=\"article\" \/>\n<meta property=\"og:title\" content=\"Our partners - SIEL-Territoire d&#039;\u00e9nergie Loire\" \/>\n<meta property=\"og:description\" content=\"Created by and for the municipalities in Loire, SIEL-Territoire d\u2019\u00e9nergie Loire is above all a system of sharing resources to serve all the Loire\u2019s local authorities.&nbsp;The syndicate\u2019s remit covers a variety of competences, mandatory and optional, entrusted to it by the municipalities.&nbsp;To carry out its activities, SIEL-Territoire d\u2019\u00e9nergie Loire works with numerous partners to whom [&hellip;]\" \/>\n<meta property=\"og:url\" content=\"https:\/\/www.te42.fr\/en\/our-organisation\/nos-partenaires\/\" \/>\n<meta property=\"og:site_name\" content=\"SIEL-Territoire d&#039;\u00e9nergie Loire\" \/>\n<meta property=\"article:modified_time\" content=\"2024-11-04T09:11:23+00:00\" \/>\n<meta property=\"og:image\" content=\"https:\/\/www.te42.fr\/wp-content\/uploads\/2024\/09\/FNCCR.jpg\" \/>\n\t<meta property=\"og:image:width\" content=\"150\" \/>\n\t<meta property=\"og:image:height\" content=\"121\" \/>\n\t<meta property=\"og:image:type\" content=\"image\/jpeg\" \/>\n<meta name=\"twitter:card\" content=\"summary_large_image\" \/>\n<meta name=\"twitter:label1\" content=\"Est. reading time\" \/>\n\t<meta name=\"twitter:data1\" content=\"15 minutes\" \/>\n<script type=\"application\/ld+json\" class=\"yoast-schema-graph\">{\"@context\":\"https:\\\/\\\/schema.org\",\"@graph\":[{\"@type\":\"WebPage\",\"@id\":\"https:\\\/\\\/www.te42.fr\\\/en\\\/our-organisation\\\/nos-partenaires\\\/\",\"url\":\"https:\\\/\\\/www.te42.fr\\\/en\\\/our-organisation\\\/nos-partenaires\\\/\",\"name\":\"Our partners - SIEL-Territoire d&#039;\u00e9nergie Loire\",\"isPartOf\":{\"@id\":\"https:\\\/\\\/www.te42.fr\\\/#website\"},\"primaryImageOfPage\":{\"@id\":\"https:\\\/\\\/www.te42.fr\\\/en\\\/our-organisation\\\/nos-partenaires\\\/#primaryimage\"},\"image\":{\"@id\":\"https:\\\/\\\/www.te42.fr\\\/en\\\/our-organisation\\\/nos-partenaires\\\/#primaryimage\"},\"thumbnailUrl\":\"https:\\\/\\\/www.te42.fr\\\/wp-content\\\/uploads\\\/2024\\\/09\\\/FNCCR.jpg\",\"datePublished\":\"2019-05-22T07:20:46+00:00\",\"dateModified\":\"2024-11-04T09:11:23+00:00\",\"breadcrumb\":{\"@id\":\"https:\\\/\\\/www.te42.fr\\\/en\\\/our-organisation\\\/nos-partenaires\\\/#breadcrumb\"},\"inLanguage\":\"en-US\",\"potentialAction\":[{\"@type\":\"ReadAction\",\"target\":[\"https:\\\/\\\/www.te42.fr\\\/en\\\/our-organisation\\\/nos-partenaires\\\/\"]}]},{\"@type\":\"ImageObject\",\"inLanguage\":\"en-US\",\"@id\":\"https:\\\/\\\/www.te42.fr\\\/en\\\/our-organisation\\\/nos-partenaires\\\/#primaryimage\",\"url\":\"https:\\\/\\\/www.te42.fr\\\/wp-content\\\/uploads\\\/2024\\\/09\\\/FNCCR.jpg\",\"contentUrl\":\"https:\\\/\\\/www.te42.fr\\\/wp-content\\\/uploads\\\/2024\\\/09\\\/FNCCR.jpg\"},{\"@type\":\"BreadcrumbList\",\"@id\":\"https:\\\/\\\/www.te42.fr\\\/en\\\/our-organisation\\\/nos-partenaires\\\/#breadcrumb\",\"itemListElement\":[{\"@type\":\"ListItem\",\"position\":1,\"name\":\"Accueil\",\"item\":\"https:\\\/\\\/www.te42.fr\\\/en\\\/\"},{\"@type\":\"ListItem\",\"position\":2,\"name\":\"Our organisation\",\"item\":\"https:\\\/\\\/www.te42.fr\\\/en\\\/our-organisation\\\/\"},{\"@type\":\"ListItem\",\"position\":3,\"name\":\"Our partners\"}]},{\"@type\":\"WebSite\",\"@id\":\"https:\\\/\\\/www.te42.fr\\\/#website\",\"url\":\"https:\\\/\\\/www.te42.fr\\\/\",\"name\":\"SIEL-Territoire d&#039;\u00e9nergie Loire\",\"description\":\"Sobriete et resilience des reseaux\",\"publisher\":{\"@id\":\"https:\\\/\\\/www.te42.fr\\\/#organization\"},\"potentialAction\":[{\"@type\":\"SearchAction\",\"target\":{\"@type\":\"EntryPoint\",\"urlTemplate\":\"https:\\\/\\\/www.te42.fr\\\/?s={search_term_string}\"},\"query-input\":{\"@type\":\"PropertyValueSpecification\",\"valueRequired\":true,\"valueName\":\"search_term_string\"}}],\"inLanguage\":\"en-US\"},{\"@type\":\"Organization\",\"@id\":\"https:\\\/\\\/www.te42.fr\\\/#organization\",\"name\":\"Territoire d'\u00e9nergie Loire (SIEL)\",\"url\":\"https:\\\/\\\/www.te42.fr\\\/\",\"logo\":{\"@type\":\"ImageObject\",\"inLanguage\":\"en-US\",\"@id\":\"https:\\\/\\\/www.te42.fr\\\/#\\\/schema\\\/logo\\\/image\\\/\",\"url\":\"https:\\\/\\\/www.te42.fr\\\/wp-content\\\/uploads\\\/2024\\\/09\\\/SIEL-Territoire-denergie-Loire-logo-1-e1725896309540.png\",\"contentUrl\":\"https:\\\/\\\/www.te42.fr\\\/wp-content\\\/uploads\\\/2024\\\/09\\\/SIEL-Territoire-denergie-Loire-logo-1-e1725896309540.png\",\"width\":299,\"height\":114,\"caption\":\"Territoire d'\u00e9nergie Loire (SIEL)\"},\"image\":{\"@id\":\"https:\\\/\\\/www.te42.fr\\\/#\\\/schema\\\/logo\\\/image\\\/\"}}]}<\/script>\n<!-- \/ Yoast SEO plugin. -->","yoast_head_json":{"title":"Our partners - SIEL-Territoire d&#039;\u00e9nergie Loire","robots":{"index":"index","follow":"follow","max-snippet":"max-snippet:-1","max-image-preview":"max-image-preview:large","max-video-preview":"max-video-preview:-1"},"canonical":"https:\/\/www.te42.fr\/en\/our-organisation\/nos-partenaires\/","og_locale":"en_US","og_type":"article","og_title":"Our partners - SIEL-Territoire d&#039;\u00e9nergie Loire","og_description":"Created by and for the municipalities in Loire, SIEL-Territoire d\u2019\u00e9nergie Loire is above all a system of sharing resources to serve all the Loire\u2019s local authorities.&nbsp;The syndicate\u2019s remit covers a variety of competences, mandatory and optional, entrusted to it by the municipalities.&nbsp;To carry out its activities, SIEL-Territoire d\u2019\u00e9nergie Loire works with numerous partners to whom [&hellip;]","og_url":"https:\/\/www.te42.fr\/en\/our-organisation\/nos-partenaires\/","og_site_name":"SIEL-Territoire d&#039;\u00e9nergie Loire","article_modified_time":"2024-11-04T09:11:23+00:00","og_image":[{"width":150,"height":121,"url":"https:\/\/www.te42.fr\/wp-content\/uploads\/2024\/09\/FNCCR.jpg","type":"image\/jpeg"}],"twitter_card":"summary_large_image","twitter_misc":{"Est. reading time":"15 minutes"},"schema":{"@context":"https:\/\/schema.org","@graph":[{"@type":"WebPage","@id":"https:\/\/www.te42.fr\/en\/our-organisation\/nos-partenaires\/","url":"https:\/\/www.te42.fr\/en\/our-organisation\/nos-partenaires\/","name":"Our partners - SIEL-Territoire d&#039;\u00e9nergie Loire","isPartOf":{"@id":"https:\/\/www.te42.fr\/#website"},"primaryImageOfPage":{"@id":"https:\/\/www.te42.fr\/en\/our-organisation\/nos-partenaires\/#primaryimage"},"image":{"@id":"https:\/\/www.te42.fr\/en\/our-organisation\/nos-partenaires\/#primaryimage"},"thumbnailUrl":"https:\/\/www.te42.fr\/wp-content\/uploads\/2024\/09\/FNCCR.jpg","datePublished":"2019-05-22T07:20:46+00:00","dateModified":"2024-11-04T09:11:23+00:00","breadcrumb":{"@id":"https:\/\/www.te42.fr\/en\/our-organisation\/nos-partenaires\/#breadcrumb"},"inLanguage":"en-US","potentialAction":[{"@type":"ReadAction","target":["https:\/\/www.te42.fr\/en\/our-organisation\/nos-partenaires\/"]}]},{"@type":"ImageObject","inLanguage":"en-US","@id":"https:\/\/www.te42.fr\/en\/our-organisation\/nos-partenaires\/#primaryimage","url":"https:\/\/www.te42.fr\/wp-content\/uploads\/2024\/09\/FNCCR.jpg","contentUrl":"https:\/\/www.te42.fr\/wp-content\/uploads\/2024\/09\/FNCCR.jpg"},{"@type":"BreadcrumbList","@id":"https:\/\/www.te42.fr\/en\/our-organisation\/nos-partenaires\/#breadcrumb","itemListElement":[{"@type":"ListItem","position":1,"name":"Accueil","item":"https:\/\/www.te42.fr\/en\/"},{"@type":"ListItem","position":2,"name":"Our organisation","item":"https:\/\/www.te42.fr\/en\/our-organisation\/"},{"@type":"ListItem","position":3,"name":"Our partners"}]},{"@type":"WebSite","@id":"https:\/\/www.te42.fr\/#website","url":"https:\/\/www.te42.fr\/","name":"SIEL-Territoire d&#039;\u00e9nergie Loire","description":"Sobriete et resilience des reseaux","publisher":{"@id":"https:\/\/www.te42.fr\/#organization"},"potentialAction":[{"@type":"SearchAction","target":{"@type":"EntryPoint","urlTemplate":"https:\/\/www.te42.fr\/?s={search_term_string}"},"query-input":{"@type":"PropertyValueSpecification","valueRequired":true,"valueName":"search_term_string"}}],"inLanguage":"en-US"},{"@type":"Organization","@id":"https:\/\/www.te42.fr\/#organization","name":"Territoire d'\u00e9nergie Loire (SIEL)","url":"https:\/\/www.te42.fr\/","logo":{"@type":"ImageObject","inLanguage":"en-US","@id":"https:\/\/www.te42.fr\/#\/schema\/logo\/image\/","url":"https:\/\/www.te42.fr\/wp-content\/uploads\/2024\/09\/SIEL-Territoire-denergie-Loire-logo-1-e1725896309540.png","contentUrl":"https:\/\/www.te42.fr\/wp-content\/uploads\/2024\/09\/SIEL-Territoire-denergie-Loire-logo-1-e1725896309540.png","width":299,"height":114,"caption":"Territoire d'\u00e9nergie Loire (SIEL)"},"image":{"@id":"https:\/\/www.te42.fr\/#\/schema\/logo\/image\/"}}]}},"coauthors":[],"author_meta":{"author_link":"https:\/\/www.te42.fr\/en\/author\/imagiel42\/","display_name":"Les Imageurs"},"relative_dates":{"created":"Posted 7 years ago","modified":"Updated 1 year ago"},"absolute_dates":{"created":"Posted on 22 May","modified":"Updated on 4 November"},"absolute_dates_time":{"created":"Posted on 22 May 9 h 20 min","modified":"Updated on 4 November 10 h 11 min"},"featured_img_caption":"","featured_img":false,"series_order":"","publishpress_future_action":{"enabled":false,"date":"2026-05-04 09:28:49","action":"change-status","newStatus":"draft","terms":[],"taxonomy":"translation_priority","extraData":[]},"publishpress_future_workflow_manual_trigger":{"enabledWorkflows":[]},"_links":{"self":[{"href":"https:\/\/www.te42.fr\/en\/wp-json\/wp\/v2\/pages\/13748","targetHints":{"allow":["GET"]}}],"collection":[{"href":"https:\/\/www.te42.fr\/en\/wp-json\/wp\/v2\/pages"}],"about":[{"href":"https:\/\/www.te42.fr\/en\/wp-json\/wp\/v2\/types\/page"}],"author":[{"embeddable":true,"href":"https:\/\/www.te42.fr\/en\/wp-json\/wp\/v2\/users\/1"}],"replies":[{"embeddable":true,"href":"https:\/\/www.te42.fr\/en\/wp-json\/wp\/v2\/comments?post=13748"}],"version-history":[{"count":23,"href":"https:\/\/www.te42.fr\/en\/wp-json\/wp\/v2\/pages\/13748\/revisions"}],"predecessor-version":[{"id":36977,"href":"https:\/\/www.te42.fr\/en\/wp-json\/wp\/v2\/pages\/13748\/revisions\/36977"}],"up":[{"embeddable":true,"href":"https:\/\/www.te42.fr\/en\/wp-json\/wp\/v2\/pages\/14178"}],"wp:attachment":[{"href":"https:\/\/www.te42.fr\/en\/wp-json\/wp\/v2\/media?parent=13748"}],"curies":[{"name":"wp","href":"https:\/\/api.w.org\/{rel}","templated":true}]}}